{"id":2287,"date":"2026-01-06T12:44:35","date_gmt":"2026-01-06T11:44:35","guid":{"rendered":"https:\/\/www.27-215.pl\/?post_type=product&#038;p=2287"},"modified":"2026-04-18T16:20:48","modified_gmt":"2026-04-18T14:20:48","slug":"kalendarz-pszczelarza-polskiego-2026","status":"publish","type":"product","link":"https:\/\/27-215.pl\/index.php\/produkt\/kalendarz-pszczelarza-polskiego-2026\/","title":{"rendered":"Kalendarz 2026 dla Pszczelarzy w Polsce"},"content":{"rendered":"<h1 data-start=\"150\" data-end=\"197\">\ud83c\udf6f<strong data-start=\"155\" data-end=\"195\">Kalendarz Pszczelarza Polskiego 2026<\/strong><\/h1>\n<p data-start=\"276\" data-end=\"524\">W\u015br\u00f3d pszczelarzy w ca\u0142ej Polsce z niecierpliwo\u015bci\u0105 czekaj\u0105 na \u201eKalendarz Pszczelarza Polskiego 2026\u201d, kt\u00f3ry jest wyj\u0105tkow\u0105 pozycj\u0105. Stanowi on nie tylko <strong data-start=\"429\" data-end=\"499\">terminarz \ud83d\uddd3\ufe0f<\/strong>, lecz r\u00f3wnie\u017c <strong data-start=\"429\" data-end=\"499\">kompendium wiedzy pszczelarskiej, inspiracji i duchowych refleksji<\/strong> o naturze i cz\u0142owieku.<\/p>\n<p data-start=\"526\" data-end=\"688\">Ka\u017cdy miesi\u0105c zosta\u0142 wype\u0142niony solidn\u0105 porcj\u0105 wiedzy, praktycznych wskaz\u00f3wek oraz ciekawych artyku\u0142\u00f3w przygotowanych przez do\u015bwiadczonych pszczelarzy, naukowc\u00f3w i duchownych \u271d\ufe0f.<\/p>\n<h2 data-start=\"690\" data-end=\"722\">\u2611\ufe0f <strong data-start=\"696\" data-end=\"720\">Co znajdziesz w \u015brodku:<\/strong><\/h2>\n<p data-start=\"723\" data-end=\"1182\">\u2734\ufe0f <strong data-start=\"726\" data-end=\"755\">Kalendarium pszczelarskie<\/strong> \u2013 miesi\u0119czne prace i obserwacje pasieczne.<br data-start=\"807\" data-end=\"810\" \/>\u2734\ufe0f <strong data-start=\"813\" data-end=\"844\">Porady ks. Tomasza Ga\u0142uszki<\/strong> \u2013 wskaz\u00f3wki dotycz\u0105ce praktyki gospodarstwa w\u0119drownego \ud83d\ude9b\ud83d\udc1d.<br data-start=\"885\" data-end=\"888\" \/>\u2734\ufe0f <strong data-start=\"891\" data-end=\"905\">Apiterapia<\/strong> \u2013 informacje o wykorzystaniu miod\u00f3w, py\u0142ku i propolisu w zdrowiu i piel\u0119gnacji \u2668\ufe0f.<br data-start=\"975\" data-end=\"978\" \/>\u2734\ufe0f <strong data-start=\"981\" data-end=\"1008\">Ciekawostki z \u017cycia ula<\/strong> \u2013 materia\u0142y dotycz\u0105ce selekcji, hodowli matek, ochrony pszcz\u00f3\u0142 \u2618\ufe0f.<br data-start=\"1055\" data-end=\"1058\" \/>\u2734\ufe0f <strong data-start=\"1061\" data-end=\"1097\">Refleksje duchowe i przyrodnicze<\/strong> \u2013 rozwa\u017cania na temat \u015bw. Ambro\u017cego \u2626\ufe0f, relacji cz\u0142owieka z natur\u0105 \u262f\ufe0f, duchowego wymiaru pracy pszczelarza.<\/p>\n<h2 data-start=\"1184\" data-end=\"1209\">\u2764\ufe0f <strong data-start=\"1190\" data-end=\"1207\">S\u0142owo wst\u0119pne<\/strong><\/h2>\n<p data-start=\"1210\" data-end=\"1469\">Publikacj\u0119 otwiera <strong data-start=\"1229\" data-end=\"1249\">bp Piotr Sawczuk<\/strong>, Biskup Drohiczy\u0144ski, kt\u00f3ry z pasterskim b\u0142ogos\u0142awie\u0144stwem przypomina, \u017ce praca pszczelarza to nie tylko rzemios\u0142o, ale i powo\u0142anie. Jego s\u0142owa nios\u0105 spok\u00f3j, wdzi\u0119czno\u015b\u0107 i refleksj\u0119 nad harmoni\u0105 cz\u0142owieka z natur\u0105 \ud83c\udf3c.<\/p>\n<h2 data-start=\"1471\" data-end=\"1518\">\u2600\ufe0f <strong data-start=\"1477\" data-end=\"1516\">Dlaczego warto naby\u0107 ten kalendarz:<\/strong><\/h2>\n<p data-start=\"1519\" data-end=\"1793\">\u2714\ufe0f \u0141\u0105czy <strong data-start=\"1528\" data-end=\"1553\">praktyk\u0119 pszczelarsk\u0105<\/strong> z <strong data-start=\"1556\" data-end=\"1578\">duchow\u0105 inspiracj\u0105<\/strong><br data-start=\"1578\" data-end=\"1581\" \/>\u2714\ufe0f Pomaga w planowaniu prac pasiecznych krok po kroku \u27a1\ufe0f<br data-start=\"1634\" data-end=\"1637\" \/>\u2714\ufe0f Zawiera <strong data-start=\"1648\" data-end=\"1696\">porady ekspert\u00f3w i refleksje znanych autor\u00f3w<\/strong><br data-start=\"1696\" data-end=\"1699\" \/>\u2714\ufe0f Idealny <strong data-start=\"1710\" data-end=\"1745\">prezent dla ka\u017cdego pszczelarza<\/strong> \ud83c\udf81<br data-start=\"1748\" data-end=\"1751\" \/>\u2714\ufe0f Inspiruje do \u017cycia w rytmie natury \u2618\ufe0f<\/p>\n<h2 data-start=\"1795\" data-end=\"1835\">\u2712\ufe0f <strong data-start=\"1801\" data-end=\"1833\">Dla kogo jest przeznaczony ten kalendarz?<\/strong><\/h2>\n<p data-start=\"1836\" data-end=\"2058\">\u265c Dla pocz\u0105tkuj\u0105cych pszczelarzy, kt\u00f3rzy chc\u0105 poszerza\u0107 swoj\u0105 wiedz\u0119 i umiej\u0119tno\u015bci.<br data-start=\"1903\" data-end=\"1906\" \/>\u265d Dla do\u015bwiadczonych pszczelarzy, kt\u00f3rzy szukaj\u0105 nowych inspiracji.<br data-start=\"1978\" data-end=\"1981\" \/>\u265e Dla wszystkich, kt\u00f3rzy ceni\u0105 kontakt z natur\u0105 i harmoni\u0119 \u017cycia w rytmie pszcz\u00f3\u0142.<\/p>\n<h2 data-start=\"2353\" data-end=\"2377\">\u2763\ufe0f <strong data-start=\"2359\" data-end=\"2375\">Podsumowanie<\/strong><\/h2>\n<p data-start=\"2378\" data-end=\"2570\">To nie jest zwyk\u0142y kalendarz \u2013 to <strong data-start=\"2412\" data-end=\"2485\">Twoje \u017ar\u00f3d\u0142o pszczelarskiej wiedzy, inspiracji i refleksji na ca\u0142y rok<\/strong> \u2600\ufe0f\ud83c\udf6f<br data-start=\"2490\" data-end=\"2493\" \/>Zam\u00f3w ju\u017c dzi\u015b i rozpocznij 2026 rok z pasj\u0105 pszczelarstwa oraz spokojem ducha \u270c\ufe0f<\/p>\n","protected":false},"excerpt":{"rendered":"<p>\ud83c\udf6fKalendarz Pszczelarza Polskiego 2026 W\u015br\u00f3d pszczelarzy w ca\u0142ej Polsce z niecierpliwo\u015bci\u0105 czekaj\u0105 na \u201eKalendarz Pszczelarza Polskiego 2026\u201d, kt\u00f3ry jest wyj\u0105tkow\u0105 pozycj\u0105. Stanowi on nie tylko terminarz \ud83d\uddd3\ufe0f, lecz r\u00f3wnie\u017c kompendium wiedzy pszczelarskiej, inspiracji i duchowych refleksji o naturze i cz\u0142owieku. Ka\u017cdy miesi\u0105c zosta\u0142 wype\u0142niony solidn\u0105 porcj\u0105 wiedzy, praktycznych wskaz\u00f3wek oraz ciekawych artyku\u0142\u00f3w przygotowanych przez do\u015bwiadczonych [&hellip;]<\/p>\n","protected":false},"featured_media":33453,"template":"","meta":[],"product_brand":[],"product_cat":[18],"product_tag":[],"class_list":{"0":"post-2287","1":"product","2":"type-product","3":"status-publish","4":"has-post-thumbnail","6":"product_cat-literatura","8":"first","9":"instock","10":"taxable","11":"shipping-taxable","12":"purchasable","13":"product-type-simple"},"_links":{"self":[{"href":"https:\/\/27-215.pl\/index.php\/wp-json\/wp\/v2\/product\/2287","targetHints":{"allow":["GET"]}}],"collection":[{"href":"https:\/\/27-215.pl\/index.php\/wp-json\/wp\/v2\/product"}],"about":[{"href":"https:\/\/27-215.pl\/index.php\/wp-json\/wp\/v2\/types\/product"}],"wp:featuredmedia":[{"embeddable":true,"href":"https:\/\/27-215.pl\/index.php\/wp-json\/wp\/v2\/media\/33453"}],"wp:attachment":[{"href":"https:\/\/27-215.pl\/index.php\/wp-json\/wp\/v2\/media?parent=2287"}],"wp:term":[{"taxonomy":"product_brand","embeddable":true,"href":"https:\/\/27-215.pl\/index.php\/wp-json\/wp\/v2\/product_brand?post=2287"},{"taxonomy":"product_cat","embeddable":true,"href":"https:\/\/27-215.pl\/index.php\/wp-json\/wp\/v2\/product_cat?post=2287"},{"taxonomy":"product_tag","embeddable":true,"href":"https:\/\/27-215.pl\/index.php\/wp-json\/wp\/v2\/product_tag?post=2287"}],"curies":[{"name":"wp","href":"https:\/\/api.w.org\/{rel}","templated":true}]}}