{"id":291,"date":"2024-12-23T18:37:23","date_gmt":"2024-12-23T17:37:23","guid":{"rendered":"https:\/\/www.27-215.pl\/?post_type=product&#038;p=291"},"modified":"2026-04-04T08:47:32","modified_gmt":"2026-04-04T06:47:32","slug":"leczenie-propolisem-chorob-uszu-nosa-gardla","status":"publish","type":"product","link":"https:\/\/27-215.pl\/index.php\/produkt\/leczenie-propolisem-chorob-uszu-nosa-gardla\/","title":{"rendered":"Leczenie propolisem chor\u00f3b uszu, nosa, gard\u0142a"},"content":{"rendered":"<p>Propolis ch\u0119tnie stosowany jest w chorobach uszu, nosa i gard\u0142a ze wzgl\u0119du na dzia\u0142anie przeciwzapalne, usprawniaj\u0105ce oczyszczanie ran z ropy i znekrotyzowanych tkanek, miejscowo znieczulaj\u0105ce, przeciw\u015bwi\u0105dowe i dezodoryzuj\u0105ce. Z dobrym skutkiem u\u017cywany jest do leczenia chor\u00f3b ucha zewn\u0119trznego, \u015brodkowego i wewn\u0119trznego, nosa i zatok przynosowych oraz jamy ustnej, gard\u0142a, krtani, tchawicy i migda\u0142k\u00f3w podniebiennych. Ma to szczeg\u00f3lne znaczenie, poniewa\u017c za pomoc\u0105 propolisu leczy si\u0119 chorych, kt\u00f3rzy bez powodzenia byli przez d\u0142ugi czas poddawani terapii konwencjonalnej. Du\u017ce zas\u0142ugi na tym polu maj\u0105 lekarze rosyjscy, ukrai\u0144scy, bu\u0142garscy i polscy.<\/p>\n<p>Autor: Bogdan K\u0119dzia, El\u017cbieta Ho\u0142derna-K\u0119dzia<br \/>\nWydawnictwo: Fundacja Pomocy Cz\u0142owiekowi i \u015arodowisku \u201eHUMANA DIVINIS\u201d<br \/>\nRok wydania: 2011<br \/>\nLiczba stron: 104<br \/>\nOprawa: mi\u0119kka<br \/>\nISBN: 9788360152187<br \/>\nWymiary: 149 x 210 mm<br \/>\nZdj\u0119cie ksi\u0105\u017cki pogl\u0105dowe<\/p>\n","protected":false},"excerpt":{"rendered":"<p>Propolis ch\u0119tnie stosowany jest w chorobach uszu, nosa i gard\u0142a ze wzgl\u0119du na dzia\u0142anie przeciwzapalne, usprawniaj\u0105ce oczyszczanie ran z ropy i znekrotyzowanych tkanek, miejscowo znieczulaj\u0105ce, przeciw\u015bwi\u0105dowe i dezodoryzuj\u0105ce. Z dobrym skutkiem u\u017cywany jest do leczenia chor\u00f3b ucha zewn\u0119trznego, \u015brodkowego i wewn\u0119trznego, nosa i zatok przynosowych oraz jamy ustnej, gard\u0142a, krtani, tchawicy i migda\u0142k\u00f3w podniebiennych. Ma [&hellip;]<\/p>\n","protected":false},"featured_media":292,"template":"","meta":[],"product_brand":[],"product_cat":[18],"product_tag":[],"class_list":{"0":"post-291","1":"product","2":"type-product","3":"status-publish","4":"has-post-thumbnail","6":"product_cat-literatura","8":"first","9":"outofstock","10":"taxable","11":"shipping-taxable","12":"purchasable","13":"product-type-simple"},"_links":{"self":[{"href":"https:\/\/27-215.pl\/index.php\/wp-json\/wp\/v2\/product\/291","targetHints":{"allow":["GET"]}}],"collection":[{"href":"https:\/\/27-215.pl\/index.php\/wp-json\/wp\/v2\/product"}],"about":[{"href":"https:\/\/27-215.pl\/index.php\/wp-json\/wp\/v2\/types\/product"}],"wp:featuredmedia":[{"embeddable":true,"href":"https:\/\/27-215.pl\/index.php\/wp-json\/wp\/v2\/media\/292"}],"wp:attachment":[{"href":"https:\/\/27-215.pl\/index.php\/wp-json\/wp\/v2\/media?parent=291"}],"wp:term":[{"taxonomy":"product_brand","embeddable":true,"href":"https:\/\/27-215.pl\/index.php\/wp-json\/wp\/v2\/product_brand?post=291"},{"taxonomy":"product_cat","embeddable":true,"href":"https:\/\/27-215.pl\/index.php\/wp-json\/wp\/v2\/product_cat?post=291"},{"taxonomy":"product_tag","embeddable":true,"href":"https:\/\/27-215.pl\/index.php\/wp-json\/wp\/v2\/product_tag?post=291"}],"curies":[{"name":"wp","href":"https:\/\/api.w.org\/{rel}","templated":true}]}}